{"id":3029,"date":"2024-06-11T11:23:59","date_gmt":"2024-06-11T09:23:59","guid":{"rendered":"https:\/\/talents.kviff.com\/?post_type=podporeny_projekt&#038;p=3029"},"modified":"2025-06-01T21:42:20","modified_gmt":"2025-06-01T19:42:20","slug":"mezi-svety","status":"publish","type":"podporeny_projekt","link":"https:\/\/talents.kviff.com\/en\/podporeny-projekt\/mezi-svety\/","title":{"rendered":"Inbetween Worlds"},"content":{"rendered":"<div data-elementor-type=\"wp-post\" data-elementor-id=\"3029\" class=\"elementor elementor-3029\" data-elementor-post-type=\"podporeny_projekt\">\n\t\t\t\t<div class=\"elementor-element elementor-element-831a3a8 e-con-full e-flex e-con e-parent\" data-id=\"831a3a8\" data-element_type=\"container\" data-e-type=\"container\">\n\t\t\t\t<div class=\"elementor-element elementor-element-7269a47 elementor-widget elementor-widget-html\" data-id=\"7269a47\" data-element_type=\"widget\" data-e-type=\"widget\" data-widget_type=\"html.default\">\n\t\t\t\t<div class=\"elementor-widget-container\">\n\t\t\t\t\t<div style=\"height:0;display:block;overflow:hidden;position:relative;padding-bottom:56.25%\"><iframe frameborder=\"0\" allowfullscreen style=\"top:0;left:0;border:0;bottom:0;width:100%;height:100%;position:absolute\" src=\"https:\/\/kviff.tv\/embed\/video\/4279-feature-pool-mezi-svety\/cs\"><\/iframe><\/div>\t\t\t\t<\/div>\n\t\t\t\t<\/div>\n\t\t\t\t<\/div>\n\t\t\t\t<\/div>","protected":false},"featured_media":3090,"template":"","feature_nebo_creative_pool":[25],"format_projektu":[26],"class_list":["post-3029","podporeny_projekt","type-podporeny_projekt","status-publish","has-post-thumbnail","hentry","feature_nebo_creative_pool-feature-pool-2024","format_projektu-celovecerni-film-hybridni-hrany-animovany"],"yoast_head":"<!-- This site is optimized with the Yoast SEO plugin v27.5 - https:\/\/yoast.com\/product\/yoast-seo-wordpress\/ -->\n<title>Mezi sv\u011bty | KVIFF TALENTS<\/title>\n<meta name=\"description\" content=\"Celove\u010dern\u00ed film kombinuj\u00edc\u00ed hran\u00fd film a animaci o ne\u010dekan\u00e9 nab\u00eddce k s\u0148atku.N\u011b\u017en\u00e9 romantick\u00e9 drama o z\u00e1vazc\u00edch, kter\u00e9 m\u00e1me ke sv\u00e9 rodin\u011b a balancov\u00e1n\u00ed mezi dv\u011bma kulturami.Emoce a vzpom\u00ednky hlavn\u00ed postavy Mai o\u017eij\u00ed d\u00edky hybridn\u00edmu vizu\u00e1ln\u00edmu stylu vyu\u017e\u00edvaj\u00edc\u00ed kol\u00e1\u017eovou animaci.\" \/>\n<meta name=\"robots\" content=\"index, follow, max-snippet:-1, max-image-preview:large, max-video-preview:-1\" \/>\n<link rel=\"canonical\" href=\"https:\/\/talents.kviff.com\/en\/podporeny-projekt\/mezi-svety\/\" \/>\n<meta property=\"og:locale\" content=\"en_US\" \/>\n<meta property=\"og:type\" content=\"article\" \/>\n<meta property=\"og:title\" content=\"Mezi sv\u011bty | KVIFF TALENTS\" \/>\n<meta property=\"og:description\" content=\"Celove\u010dern\u00ed film kombinuj\u00edc\u00ed hran\u00fd film a animaci o ne\u010dekan\u00e9 nab\u00eddce k s\u0148atku.N\u011b\u017en\u00e9 romantick\u00e9 drama o z\u00e1vazc\u00edch, kter\u00e9 m\u00e1me ke sv\u00e9 rodin\u011b a balancov\u00e1n\u00ed mezi dv\u011bma kulturami.Emoce a vzpom\u00ednky hlavn\u00ed postavy Mai o\u017eij\u00ed d\u00edky hybridn\u00edmu vizu\u00e1ln\u00edmu stylu vyu\u017e\u00edvaj\u00edc\u00ed kol\u00e1\u017eovou animaci.\" \/>\n<meta property=\"og:url\" content=\"https:\/\/talents.kviff.com\/en\/podporeny-projekt\/mezi-svety\/\" \/>\n<meta property=\"og:site_name\" content=\"KVIFF TALENTS\" \/>\n<meta property=\"article:publisher\" content=\"https:\/\/www.facebook.com\/KVIFF\" \/>\n<meta property=\"article:modified_time\" content=\"2025-06-01T19:42:20+00:00\" \/>\n<meta property=\"og:image\" content=\"https:\/\/talents.kviff.com\/wp-content\/uploads\/2024\/06\/kviff-talents-2024-autori-mezi-svety.jpg\" \/>\n\t<meta property=\"og:image:width\" content=\"800\" \/>\n\t<meta property=\"og:image:height\" content=\"800\" \/>\n\t<meta property=\"og:image:type\" content=\"image\/jpeg\" \/>\n<meta name=\"twitter:card\" content=\"summary_large_image\" \/>\n<meta name=\"twitter:site\" content=\"@kviff\" \/>\n<script type=\"application\/ld+json\" class=\"yoast-schema-graph\">{\"@context\":\"https:\\\/\\\/schema.org\",\"@graph\":[{\"@type\":\"WebPage\",\"@id\":\"https:\\\/\\\/talents.kviff.com\\\/podporeny-projekt\\\/mezi-svety\\\/\",\"url\":\"https:\\\/\\\/talents.kviff.com\\\/podporeny-projekt\\\/mezi-svety\\\/\",\"name\":\"Mezi sv\u011bty | KVIFF TALENTS\",\"isPartOf\":{\"@id\":\"https:\\\/\\\/talents.kviff.com\\\/#website\"},\"primaryImageOfPage\":{\"@id\":\"https:\\\/\\\/talents.kviff.com\\\/podporeny-projekt\\\/mezi-svety\\\/#primaryimage\"},\"image\":{\"@id\":\"https:\\\/\\\/talents.kviff.com\\\/podporeny-projekt\\\/mezi-svety\\\/#primaryimage\"},\"thumbnailUrl\":\"https:\\\/\\\/talents.kviff.com\\\/wp-content\\\/uploads\\\/2024\\\/06\\\/kviff-talents-2024-autori-mezi-svety.jpg\",\"datePublished\":\"2024-06-11T09:23:59+00:00\",\"dateModified\":\"2025-06-01T19:42:20+00:00\",\"description\":\"Celove\u010dern\u00ed film kombinuj\u00edc\u00ed hran\u00fd film a animaci o ne\u010dekan\u00e9 nab\u00eddce k s\u0148atku.N\u011b\u017en\u00e9 romantick\u00e9 drama o z\u00e1vazc\u00edch, kter\u00e9 m\u00e1me ke sv\u00e9 rodin\u011b a balancov\u00e1n\u00ed mezi dv\u011bma kulturami.Emoce a vzpom\u00ednky hlavn\u00ed postavy Mai o\u017eij\u00ed d\u00edky hybridn\u00edmu vizu\u00e1ln\u00edmu stylu vyu\u017e\u00edvaj\u00edc\u00ed kol\u00e1\u017eovou animaci.\",\"breadcrumb\":{\"@id\":\"https:\\\/\\\/talents.kviff.com\\\/podporeny-projekt\\\/mezi-svety\\\/#breadcrumb\"},\"inLanguage\":\"en-US\",\"potentialAction\":[{\"@type\":\"ReadAction\",\"target\":[\"https:\\\/\\\/talents.kviff.com\\\/podporeny-projekt\\\/mezi-svety\\\/\"]}]},{\"@type\":\"ImageObject\",\"inLanguage\":\"en-US\",\"@id\":\"https:\\\/\\\/talents.kviff.com\\\/podporeny-projekt\\\/mezi-svety\\\/#primaryimage\",\"url\":\"https:\\\/\\\/talents.kviff.com\\\/wp-content\\\/uploads\\\/2024\\\/06\\\/kviff-talents-2024-autori-mezi-svety.jpg\",\"contentUrl\":\"https:\\\/\\\/talents.kviff.com\\\/wp-content\\\/uploads\\\/2024\\\/06\\\/kviff-talents-2024-autori-mezi-svety.jpg\",\"width\":800,\"height\":800},{\"@type\":\"BreadcrumbList\",\"@id\":\"https:\\\/\\\/talents.kviff.com\\\/podporeny-projekt\\\/mezi-svety\\\/#breadcrumb\",\"itemListElement\":[{\"@type\":\"ListItem\",\"position\":1,\"name\":\"Dom\u016f\",\"item\":\"https:\\\/\\\/talents.kviff.com\\\/\"},{\"@type\":\"ListItem\",\"position\":2,\"name\":\"Mezi sv\u011bty\"}]},{\"@type\":\"WebSite\",\"@id\":\"https:\\\/\\\/talents.kviff.com\\\/#website\",\"url\":\"https:\\\/\\\/talents.kviff.com\\\/\",\"name\":\"KVIFF TALENTS\",\"description\":\"Podporujeme talentovan\u00e9 tv\u016frce a tv\u016frkyn\u011b audiovizu\u00e1ln\u00edch projekt\u016f\",\"publisher\":{\"@id\":\"https:\\\/\\\/talents.kviff.com\\\/#organization\"},\"potentialAction\":[{\"@type\":\"SearchAction\",\"target\":{\"@type\":\"EntryPoint\",\"urlTemplate\":\"https:\\\/\\\/talents.kviff.com\\\/?s={search_term_string}\"},\"query-input\":{\"@type\":\"PropertyValueSpecification\",\"valueRequired\":true,\"valueName\":\"search_term_string\"}}],\"inLanguage\":\"en-US\"},{\"@type\":\"Organization\",\"@id\":\"https:\\\/\\\/talents.kviff.com\\\/#organization\",\"name\":\"KVIFF TALENTS\",\"url\":\"https:\\\/\\\/talents.kviff.com\\\/\",\"logo\":{\"@type\":\"ImageObject\",\"inLanguage\":\"en-US\",\"@id\":\"https:\\\/\\\/talents.kviff.com\\\/#\\\/schema\\\/logo\\\/image\\\/\",\"url\":\"https:\\\/\\\/talents.kviff.com\\\/wp-content\\\/uploads\\\/2023\\\/01\\\/kviff_talents-logo-2023-1A3760.svg\",\"contentUrl\":\"https:\\\/\\\/talents.kviff.com\\\/wp-content\\\/uploads\\\/2023\\\/01\\\/kviff_talents-logo-2023-1A3760.svg\",\"width\":231,\"height\":107,\"caption\":\"KVIFF TALENTS\"},\"image\":{\"@id\":\"https:\\\/\\\/talents.kviff.com\\\/#\\\/schema\\\/logo\\\/image\\\/\"},\"sameAs\":[\"https:\\\/\\\/www.facebook.com\\\/KVIFF\",\"https:\\\/\\\/x.com\\\/kviff\"]}]}<\/script>\n<!-- \/ Yoast SEO plugin. -->","yoast_head_json":{"title":"Mezi sv\u011bty | KVIFF TALENTS","description":"Celove\u010dern\u00ed film kombinuj\u00edc\u00ed hran\u00fd film a animaci o ne\u010dekan\u00e9 nab\u00eddce k s\u0148atku.N\u011b\u017en\u00e9 romantick\u00e9 drama o z\u00e1vazc\u00edch, kter\u00e9 m\u00e1me ke sv\u00e9 rodin\u011b a balancov\u00e1n\u00ed mezi dv\u011bma kulturami.Emoce a vzpom\u00ednky hlavn\u00ed postavy Mai o\u017eij\u00ed d\u00edky hybridn\u00edmu vizu\u00e1ln\u00edmu stylu vyu\u017e\u00edvaj\u00edc\u00ed kol\u00e1\u017eovou animaci.","robots":{"index":"index","follow":"follow","max-snippet":"max-snippet:-1","max-image-preview":"max-image-preview:large","max-video-preview":"max-video-preview:-1"},"canonical":"https:\/\/talents.kviff.com\/en\/podporeny-projekt\/mezi-svety\/","og_locale":"en_US","og_type":"article","og_title":"Mezi sv\u011bty | KVIFF TALENTS","og_description":"Celove\u010dern\u00ed film kombinuj\u00edc\u00ed hran\u00fd film a animaci o ne\u010dekan\u00e9 nab\u00eddce k s\u0148atku.N\u011b\u017en\u00e9 romantick\u00e9 drama o z\u00e1vazc\u00edch, kter\u00e9 m\u00e1me ke sv\u00e9 rodin\u011b a balancov\u00e1n\u00ed mezi dv\u011bma kulturami.Emoce a vzpom\u00ednky hlavn\u00ed postavy Mai o\u017eij\u00ed d\u00edky hybridn\u00edmu vizu\u00e1ln\u00edmu stylu vyu\u017e\u00edvaj\u00edc\u00ed kol\u00e1\u017eovou animaci.","og_url":"https:\/\/talents.kviff.com\/en\/podporeny-projekt\/mezi-svety\/","og_site_name":"KVIFF TALENTS","article_publisher":"https:\/\/www.facebook.com\/KVIFF","article_modified_time":"2025-06-01T19:42:20+00:00","og_image":[{"width":800,"height":800,"url":"https:\/\/talents.kviff.com\/wp-content\/uploads\/2024\/06\/kviff-talents-2024-autori-mezi-svety.jpg","type":"image\/jpeg"}],"twitter_card":"summary_large_image","twitter_site":"@kviff","schema":{"@context":"https:\/\/schema.org","@graph":[{"@type":"WebPage","@id":"https:\/\/talents.kviff.com\/podporeny-projekt\/mezi-svety\/","url":"https:\/\/talents.kviff.com\/podporeny-projekt\/mezi-svety\/","name":"Mezi sv\u011bty | KVIFF TALENTS","isPartOf":{"@id":"https:\/\/talents.kviff.com\/#website"},"primaryImageOfPage":{"@id":"https:\/\/talents.kviff.com\/podporeny-projekt\/mezi-svety\/#primaryimage"},"image":{"@id":"https:\/\/talents.kviff.com\/podporeny-projekt\/mezi-svety\/#primaryimage"},"thumbnailUrl":"https:\/\/talents.kviff.com\/wp-content\/uploads\/2024\/06\/kviff-talents-2024-autori-mezi-svety.jpg","datePublished":"2024-06-11T09:23:59+00:00","dateModified":"2025-06-01T19:42:20+00:00","description":"Celove\u010dern\u00ed film kombinuj\u00edc\u00ed hran\u00fd film a animaci o ne\u010dekan\u00e9 nab\u00eddce k s\u0148atku.N\u011b\u017en\u00e9 romantick\u00e9 drama o z\u00e1vazc\u00edch, kter\u00e9 m\u00e1me ke sv\u00e9 rodin\u011b a balancov\u00e1n\u00ed mezi dv\u011bma kulturami.Emoce a vzpom\u00ednky hlavn\u00ed postavy Mai o\u017eij\u00ed d\u00edky hybridn\u00edmu vizu\u00e1ln\u00edmu stylu vyu\u017e\u00edvaj\u00edc\u00ed kol\u00e1\u017eovou animaci.","breadcrumb":{"@id":"https:\/\/talents.kviff.com\/podporeny-projekt\/mezi-svety\/#breadcrumb"},"inLanguage":"en-US","potentialAction":[{"@type":"ReadAction","target":["https:\/\/talents.kviff.com\/podporeny-projekt\/mezi-svety\/"]}]},{"@type":"ImageObject","inLanguage":"en-US","@id":"https:\/\/talents.kviff.com\/podporeny-projekt\/mezi-svety\/#primaryimage","url":"https:\/\/talents.kviff.com\/wp-content\/uploads\/2024\/06\/kviff-talents-2024-autori-mezi-svety.jpg","contentUrl":"https:\/\/talents.kviff.com\/wp-content\/uploads\/2024\/06\/kviff-talents-2024-autori-mezi-svety.jpg","width":800,"height":800},{"@type":"BreadcrumbList","@id":"https:\/\/talents.kviff.com\/podporeny-projekt\/mezi-svety\/#breadcrumb","itemListElement":[{"@type":"ListItem","position":1,"name":"Dom\u016f","item":"https:\/\/talents.kviff.com\/"},{"@type":"ListItem","position":2,"name":"Mezi sv\u011bty"}]},{"@type":"WebSite","@id":"https:\/\/talents.kviff.com\/#website","url":"https:\/\/talents.kviff.com\/","name":"KVIFF TALENTS","description":"Podporujeme talentovan\u00e9 tv\u016frce a tv\u016frkyn\u011b audiovizu\u00e1ln\u00edch projekt\u016f","publisher":{"@id":"https:\/\/talents.kviff.com\/#organization"},"potentialAction":[{"@type":"SearchAction","target":{"@type":"EntryPoint","urlTemplate":"https:\/\/talents.kviff.com\/?s={search_term_string}"},"query-input":{"@type":"PropertyValueSpecification","valueRequired":true,"valueName":"search_term_string"}}],"inLanguage":"en-US"},{"@type":"Organization","@id":"https:\/\/talents.kviff.com\/#organization","name":"KVIFF TALENTS","url":"https:\/\/talents.kviff.com\/","logo":{"@type":"ImageObject","inLanguage":"en-US","@id":"https:\/\/talents.kviff.com\/#\/schema\/logo\/image\/","url":"https:\/\/talents.kviff.com\/wp-content\/uploads\/2023\/01\/kviff_talents-logo-2023-1A3760.svg","contentUrl":"https:\/\/talents.kviff.com\/wp-content\/uploads\/2023\/01\/kviff_talents-logo-2023-1A3760.svg","width":231,"height":107,"caption":"KVIFF TALENTS"},"image":{"@id":"https:\/\/talents.kviff.com\/#\/schema\/logo\/image\/"},"sameAs":["https:\/\/www.facebook.com\/KVIFF","https:\/\/x.com\/kviff"]}]}},"_links":{"self":[{"href":"https:\/\/talents.kviff.com\/en\/wp-json\/wp\/v2\/podporeny_projekt\/3029","targetHints":{"allow":["GET"]}}],"collection":[{"href":"https:\/\/talents.kviff.com\/en\/wp-json\/wp\/v2\/podporeny_projekt"}],"about":[{"href":"https:\/\/talents.kviff.com\/en\/wp-json\/wp\/v2\/types\/podporeny_projekt"}],"version-history":[{"count":9,"href":"https:\/\/talents.kviff.com\/en\/wp-json\/wp\/v2\/podporeny_projekt\/3029\/revisions"}],"predecessor-version":[{"id":3454,"href":"https:\/\/talents.kviff.com\/en\/wp-json\/wp\/v2\/podporeny_projekt\/3029\/revisions\/3454"}],"wp:featuredmedia":[{"embeddable":true,"href":"https:\/\/talents.kviff.com\/en\/wp-json\/wp\/v2\/media\/3090"}],"wp:attachment":[{"href":"https:\/\/talents.kviff.com\/en\/wp-json\/wp\/v2\/media?parent=3029"}],"wp:term":[{"taxonomy":"feature_nebo_creative_pool","embeddable":true,"href":"https:\/\/talents.kviff.com\/en\/wp-json\/wp\/v2\/feature_nebo_creative_pool?post=3029"},{"taxonomy":"format_projektu","embeddable":true,"href":"https:\/\/talents.kviff.com\/en\/wp-json\/wp\/v2\/format_projektu?post=3029"}],"curies":[{"name":"wp","href":"https:\/\/api.w.org\/{rel}","templated":true}]}}