{"id":900,"date":"2023-01-06T12:30:04","date_gmt":"2023-01-06T11:30:04","guid":{"rendered":"https:\/\/talents.kviff.com\/?post_type=podporeny_projekt&#038;p=900"},"modified":"2024-06-13T09:20:10","modified_gmt":"2024-06-13T07:20:10","slug":"skoky","status":"publish","type":"podporeny_projekt","link":"https:\/\/talents.kviff.com\/en\/podporeny-projekt\/skoky\/","title":{"rendered":"Skoky"},"content":{"rendered":"<div data-elementor-type=\"wp-post\" data-elementor-id=\"900\" class=\"elementor elementor-900\" data-elementor-post-type=\"podporeny_projekt\">\n\t\t\t\t<div class=\"elementor-element elementor-element-bff3bc9 e-flex e-con-boxed e-con e-parent\" data-id=\"bff3bc9\" data-element_type=\"container\" data-e-type=\"container\">\n\t\t\t\t\t<div class=\"e-con-inner\">\n\t\t\t\t<div class=\"elementor-element elementor-element-949f269 elementor-widget elementor-widget-html\" data-id=\"949f269\" data-element_type=\"widget\" data-e-type=\"widget\" data-widget_type=\"html.default\">\n\t\t\t\t<div class=\"elementor-widget-container\">\n\t\t\t\t\t<div style=\"height:0;display:block;overflow:hidden;position:relative;padding-bottom:56.25%\"><iframe frameborder=\"0\" allowfullscreen style=\"top:0;left:0;border:0;bottom:0;width:100%;height:100%;position:absolute\" src=\"https:\/\/kviff.tv\/embed\/video\/1689-creative-pool-skoky\/cs\"><\/iframe><\/div>\t\t\t\t<\/div>\n\t\t\t\t<\/div>\n\t\t\t\t\t<\/div>\n\t\t\t\t<\/div>\n\t\t\t\t<\/div>","protected":false},"featured_media":1286,"template":"","feature_nebo_creative_pool":[12],"format_projektu":[17],"class_list":["post-900","podporeny_projekt","type-podporeny_projekt","status-publish","has-post-thumbnail","hentry","feature_nebo_creative_pool-creative-pool-2022","format_projektu-kratky-celovecerni-hrany-film"],"yoast_head":"<!-- This site is optimized with the Yoast SEO plugin v27.5 - https:\/\/yoast.com\/product\/yoast-seo-wordpress\/ -->\n<title>Skoky | KVIFF TALENTS<\/title>\n<meta name=\"description\" content=\"L\u00edda se v Krkono\u0161\u00edch narodila, je j\u00ed 14 a miluje skoky na ly\u017e\u00edch. Fandovi je 17 a na hor\u00e1ch je n\u00e1plava. Sk\u00e1kal, proto\u017ee to mezi kamar\u00e1dy byla jedin\u00e1 z\u00e1bava. Te\u010f u\u017e ho to nebav\u00ed, chce se proh\u00e1n\u011bt na enduru. T\u00e1ta toho lituje, proto\u017ee Fandovy \u00fasp\u011bchy by mohly pomoct z\u00e1chran\u011b zdej\u0161\u00edch pomalu se rozpadaj\u00edc\u00edch m\u016fstk\u016f. Jen\u017ee Fanda rodi\u010de a jejich sv\u011bt nen\u00e1vid\u00ed.\" \/>\n<meta name=\"robots\" content=\"index, follow, max-snippet:-1, max-image-preview:large, max-video-preview:-1\" \/>\n<link rel=\"canonical\" href=\"https:\/\/talents.kviff.com\/en\/podporeny-projekt\/skoky\/\" \/>\n<meta property=\"og:locale\" content=\"en_US\" \/>\n<meta property=\"og:type\" content=\"article\" \/>\n<meta property=\"og:title\" content=\"Skoky | KVIFF TALENTS\" \/>\n<meta property=\"og:description\" content=\"L\u00edda se v Krkono\u0161\u00edch narodila, je j\u00ed 14 a miluje skoky na ly\u017e\u00edch. Fandovi je 17 a na hor\u00e1ch je n\u00e1plava. Sk\u00e1kal, proto\u017ee to mezi kamar\u00e1dy byla jedin\u00e1 z\u00e1bava. Te\u010f u\u017e ho to nebav\u00ed, chce se proh\u00e1n\u011bt na enduru. T\u00e1ta toho lituje, proto\u017ee Fandovy \u00fasp\u011bchy by mohly pomoct z\u00e1chran\u011b zdej\u0161\u00edch pomalu se rozpadaj\u00edc\u00edch m\u016fstk\u016f. Jen\u017ee Fanda rodi\u010de a jejich sv\u011bt nen\u00e1vid\u00ed.\" \/>\n<meta property=\"og:url\" content=\"https:\/\/talents.kviff.com\/en\/podporeny-projekt\/skoky\/\" \/>\n<meta property=\"og:site_name\" content=\"KVIFF TALENTS\" \/>\n<meta property=\"article:publisher\" content=\"https:\/\/www.facebook.com\/KVIFF\" \/>\n<meta property=\"article:modified_time\" content=\"2024-06-13T07:20:10+00:00\" \/>\n<meta property=\"og:image\" content=\"https:\/\/talents.kviff.com\/wp-content\/uploads\/2023\/01\/cr-pool-skoky-simonsafranek_marekmusil-1-square.jpg\" \/>\n\t<meta property=\"og:image:width\" content=\"800\" \/>\n\t<meta property=\"og:image:height\" content=\"800\" \/>\n\t<meta property=\"og:image:type\" content=\"image\/jpeg\" \/>\n<meta name=\"twitter:card\" content=\"summary_large_image\" \/>\n<meta name=\"twitter:site\" content=\"@kviff\" \/>\n<script type=\"application\/ld+json\" class=\"yoast-schema-graph\">{\"@context\":\"https:\\\/\\\/schema.org\",\"@graph\":[{\"@type\":\"WebPage\",\"@id\":\"https:\\\/\\\/talents.kviff.com\\\/podporeny-projekt\\\/skoky\\\/\",\"url\":\"https:\\\/\\\/talents.kviff.com\\\/podporeny-projekt\\\/skoky\\\/\",\"name\":\"Skoky | KVIFF TALENTS\",\"isPartOf\":{\"@id\":\"https:\\\/\\\/talents.kviff.com\\\/#website\"},\"primaryImageOfPage\":{\"@id\":\"https:\\\/\\\/talents.kviff.com\\\/podporeny-projekt\\\/skoky\\\/#primaryimage\"},\"image\":{\"@id\":\"https:\\\/\\\/talents.kviff.com\\\/podporeny-projekt\\\/skoky\\\/#primaryimage\"},\"thumbnailUrl\":\"https:\\\/\\\/talents.kviff.com\\\/wp-content\\\/uploads\\\/2023\\\/01\\\/cr-pool-skoky-simonsafranek_marekmusil-1-square.jpg\",\"datePublished\":\"2023-01-06T11:30:04+00:00\",\"dateModified\":\"2024-06-13T07:20:10+00:00\",\"description\":\"L\u00edda se v Krkono\u0161\u00edch narodila, je j\u00ed 14 a miluje skoky na ly\u017e\u00edch. Fandovi je 17 a na hor\u00e1ch je n\u00e1plava. Sk\u00e1kal, proto\u017ee to mezi kamar\u00e1dy byla jedin\u00e1 z\u00e1bava. Te\u010f u\u017e ho to nebav\u00ed, chce se proh\u00e1n\u011bt na enduru. T\u00e1ta toho lituje, proto\u017ee Fandovy \u00fasp\u011bchy by mohly pomoct z\u00e1chran\u011b zdej\u0161\u00edch pomalu se rozpadaj\u00edc\u00edch m\u016fstk\u016f. Jen\u017ee Fanda rodi\u010de a jejich sv\u011bt nen\u00e1vid\u00ed.\",\"breadcrumb\":{\"@id\":\"https:\\\/\\\/talents.kviff.com\\\/podporeny-projekt\\\/skoky\\\/#breadcrumb\"},\"inLanguage\":\"en-US\",\"potentialAction\":[{\"@type\":\"ReadAction\",\"target\":[\"https:\\\/\\\/talents.kviff.com\\\/podporeny-projekt\\\/skoky\\\/\"]}]},{\"@type\":\"ImageObject\",\"inLanguage\":\"en-US\",\"@id\":\"https:\\\/\\\/talents.kviff.com\\\/podporeny-projekt\\\/skoky\\\/#primaryimage\",\"url\":\"https:\\\/\\\/talents.kviff.com\\\/wp-content\\\/uploads\\\/2023\\\/01\\\/cr-pool-skoky-simonsafranek_marekmusil-1-square.jpg\",\"contentUrl\":\"https:\\\/\\\/talents.kviff.com\\\/wp-content\\\/uploads\\\/2023\\\/01\\\/cr-pool-skoky-simonsafranek_marekmusil-1-square.jpg\",\"width\":800,\"height\":800},{\"@type\":\"BreadcrumbList\",\"@id\":\"https:\\\/\\\/talents.kviff.com\\\/podporeny-projekt\\\/skoky\\\/#breadcrumb\",\"itemListElement\":[{\"@type\":\"ListItem\",\"position\":1,\"name\":\"Dom\u016f\",\"item\":\"https:\\\/\\\/talents.kviff.com\\\/\"},{\"@type\":\"ListItem\",\"position\":2,\"name\":\"Skoky\"}]},{\"@type\":\"WebSite\",\"@id\":\"https:\\\/\\\/talents.kviff.com\\\/#website\",\"url\":\"https:\\\/\\\/talents.kviff.com\\\/\",\"name\":\"KVIFF TALENTS\",\"description\":\"Podporujeme talentovan\u00e9 tv\u016frce a tv\u016frkyn\u011b audiovizu\u00e1ln\u00edch projekt\u016f\",\"publisher\":{\"@id\":\"https:\\\/\\\/talents.kviff.com\\\/#organization\"},\"potentialAction\":[{\"@type\":\"SearchAction\",\"target\":{\"@type\":\"EntryPoint\",\"urlTemplate\":\"https:\\\/\\\/talents.kviff.com\\\/?s={search_term_string}\"},\"query-input\":{\"@type\":\"PropertyValueSpecification\",\"valueRequired\":true,\"valueName\":\"search_term_string\"}}],\"inLanguage\":\"en-US\"},{\"@type\":\"Organization\",\"@id\":\"https:\\\/\\\/talents.kviff.com\\\/#organization\",\"name\":\"KVIFF TALENTS\",\"url\":\"https:\\\/\\\/talents.kviff.com\\\/\",\"logo\":{\"@type\":\"ImageObject\",\"inLanguage\":\"en-US\",\"@id\":\"https:\\\/\\\/talents.kviff.com\\\/#\\\/schema\\\/logo\\\/image\\\/\",\"url\":\"https:\\\/\\\/talents.kviff.com\\\/wp-content\\\/uploads\\\/2023\\\/01\\\/kviff_talents-logo-2023-1A3760.svg\",\"contentUrl\":\"https:\\\/\\\/talents.kviff.com\\\/wp-content\\\/uploads\\\/2023\\\/01\\\/kviff_talents-logo-2023-1A3760.svg\",\"width\":231,\"height\":107,\"caption\":\"KVIFF TALENTS\"},\"image\":{\"@id\":\"https:\\\/\\\/talents.kviff.com\\\/#\\\/schema\\\/logo\\\/image\\\/\"},\"sameAs\":[\"https:\\\/\\\/www.facebook.com\\\/KVIFF\",\"https:\\\/\\\/x.com\\\/kviff\"]}]}<\/script>\n<!-- \/ Yoast SEO plugin. -->","yoast_head_json":{"title":"Skoky | KVIFF TALENTS","description":"L\u00edda se v Krkono\u0161\u00edch narodila, je j\u00ed 14 a miluje skoky na ly\u017e\u00edch. Fandovi je 17 a na hor\u00e1ch je n\u00e1plava. Sk\u00e1kal, proto\u017ee to mezi kamar\u00e1dy byla jedin\u00e1 z\u00e1bava. Te\u010f u\u017e ho to nebav\u00ed, chce se proh\u00e1n\u011bt na enduru. T\u00e1ta toho lituje, proto\u017ee Fandovy \u00fasp\u011bchy by mohly pomoct z\u00e1chran\u011b zdej\u0161\u00edch pomalu se rozpadaj\u00edc\u00edch m\u016fstk\u016f. Jen\u017ee Fanda rodi\u010de a jejich sv\u011bt nen\u00e1vid\u00ed.","robots":{"index":"index","follow":"follow","max-snippet":"max-snippet:-1","max-image-preview":"max-image-preview:large","max-video-preview":"max-video-preview:-1"},"canonical":"https:\/\/talents.kviff.com\/en\/podporeny-projekt\/skoky\/","og_locale":"en_US","og_type":"article","og_title":"Skoky | KVIFF TALENTS","og_description":"L\u00edda se v Krkono\u0161\u00edch narodila, je j\u00ed 14 a miluje skoky na ly\u017e\u00edch. Fandovi je 17 a na hor\u00e1ch je n\u00e1plava. Sk\u00e1kal, proto\u017ee to mezi kamar\u00e1dy byla jedin\u00e1 z\u00e1bava. Te\u010f u\u017e ho to nebav\u00ed, chce se proh\u00e1n\u011bt na enduru. T\u00e1ta toho lituje, proto\u017ee Fandovy \u00fasp\u011bchy by mohly pomoct z\u00e1chran\u011b zdej\u0161\u00edch pomalu se rozpadaj\u00edc\u00edch m\u016fstk\u016f. Jen\u017ee Fanda rodi\u010de a jejich sv\u011bt nen\u00e1vid\u00ed.","og_url":"https:\/\/talents.kviff.com\/en\/podporeny-projekt\/skoky\/","og_site_name":"KVIFF TALENTS","article_publisher":"https:\/\/www.facebook.com\/KVIFF","article_modified_time":"2024-06-13T07:20:10+00:00","og_image":[{"width":800,"height":800,"url":"https:\/\/talents.kviff.com\/wp-content\/uploads\/2023\/01\/cr-pool-skoky-simonsafranek_marekmusil-1-square.jpg","type":"image\/jpeg"}],"twitter_card":"summary_large_image","twitter_site":"@kviff","schema":{"@context":"https:\/\/schema.org","@graph":[{"@type":"WebPage","@id":"https:\/\/talents.kviff.com\/podporeny-projekt\/skoky\/","url":"https:\/\/talents.kviff.com\/podporeny-projekt\/skoky\/","name":"Skoky | KVIFF TALENTS","isPartOf":{"@id":"https:\/\/talents.kviff.com\/#website"},"primaryImageOfPage":{"@id":"https:\/\/talents.kviff.com\/podporeny-projekt\/skoky\/#primaryimage"},"image":{"@id":"https:\/\/talents.kviff.com\/podporeny-projekt\/skoky\/#primaryimage"},"thumbnailUrl":"https:\/\/talents.kviff.com\/wp-content\/uploads\/2023\/01\/cr-pool-skoky-simonsafranek_marekmusil-1-square.jpg","datePublished":"2023-01-06T11:30:04+00:00","dateModified":"2024-06-13T07:20:10+00:00","description":"L\u00edda se v Krkono\u0161\u00edch narodila, je j\u00ed 14 a miluje skoky na ly\u017e\u00edch. Fandovi je 17 a na hor\u00e1ch je n\u00e1plava. Sk\u00e1kal, proto\u017ee to mezi kamar\u00e1dy byla jedin\u00e1 z\u00e1bava. Te\u010f u\u017e ho to nebav\u00ed, chce se proh\u00e1n\u011bt na enduru. T\u00e1ta toho lituje, proto\u017ee Fandovy \u00fasp\u011bchy by mohly pomoct z\u00e1chran\u011b zdej\u0161\u00edch pomalu se rozpadaj\u00edc\u00edch m\u016fstk\u016f. Jen\u017ee Fanda rodi\u010de a jejich sv\u011bt nen\u00e1vid\u00ed.","breadcrumb":{"@id":"https:\/\/talents.kviff.com\/podporeny-projekt\/skoky\/#breadcrumb"},"inLanguage":"en-US","potentialAction":[{"@type":"ReadAction","target":["https:\/\/talents.kviff.com\/podporeny-projekt\/skoky\/"]}]},{"@type":"ImageObject","inLanguage":"en-US","@id":"https:\/\/talents.kviff.com\/podporeny-projekt\/skoky\/#primaryimage","url":"https:\/\/talents.kviff.com\/wp-content\/uploads\/2023\/01\/cr-pool-skoky-simonsafranek_marekmusil-1-square.jpg","contentUrl":"https:\/\/talents.kviff.com\/wp-content\/uploads\/2023\/01\/cr-pool-skoky-simonsafranek_marekmusil-1-square.jpg","width":800,"height":800},{"@type":"BreadcrumbList","@id":"https:\/\/talents.kviff.com\/podporeny-projekt\/skoky\/#breadcrumb","itemListElement":[{"@type":"ListItem","position":1,"name":"Dom\u016f","item":"https:\/\/talents.kviff.com\/"},{"@type":"ListItem","position":2,"name":"Skoky"}]},{"@type":"WebSite","@id":"https:\/\/talents.kviff.com\/#website","url":"https:\/\/talents.kviff.com\/","name":"KVIFF TALENTS","description":"Podporujeme talentovan\u00e9 tv\u016frce a tv\u016frkyn\u011b audiovizu\u00e1ln\u00edch projekt\u016f","publisher":{"@id":"https:\/\/talents.kviff.com\/#organization"},"potentialAction":[{"@type":"SearchAction","target":{"@type":"EntryPoint","urlTemplate":"https:\/\/talents.kviff.com\/?s={search_term_string}"},"query-input":{"@type":"PropertyValueSpecification","valueRequired":true,"valueName":"search_term_string"}}],"inLanguage":"en-US"},{"@type":"Organization","@id":"https:\/\/talents.kviff.com\/#organization","name":"KVIFF TALENTS","url":"https:\/\/talents.kviff.com\/","logo":{"@type":"ImageObject","inLanguage":"en-US","@id":"https:\/\/talents.kviff.com\/#\/schema\/logo\/image\/","url":"https:\/\/talents.kviff.com\/wp-content\/uploads\/2023\/01\/kviff_talents-logo-2023-1A3760.svg","contentUrl":"https:\/\/talents.kviff.com\/wp-content\/uploads\/2023\/01\/kviff_talents-logo-2023-1A3760.svg","width":231,"height":107,"caption":"KVIFF TALENTS"},"image":{"@id":"https:\/\/talents.kviff.com\/#\/schema\/logo\/image\/"},"sameAs":["https:\/\/www.facebook.com\/KVIFF","https:\/\/x.com\/kviff"]}]}},"_links":{"self":[{"href":"https:\/\/talents.kviff.com\/en\/wp-json\/wp\/v2\/podporeny_projekt\/900","targetHints":{"allow":["GET"]}}],"collection":[{"href":"https:\/\/talents.kviff.com\/en\/wp-json\/wp\/v2\/podporeny_projekt"}],"about":[{"href":"https:\/\/talents.kviff.com\/en\/wp-json\/wp\/v2\/types\/podporeny_projekt"}],"version-history":[{"count":8,"href":"https:\/\/talents.kviff.com\/en\/wp-json\/wp\/v2\/podporeny_projekt\/900\/revisions"}],"predecessor-version":[{"id":2685,"href":"https:\/\/talents.kviff.com\/en\/wp-json\/wp\/v2\/podporeny_projekt\/900\/revisions\/2685"}],"wp:featuredmedia":[{"embeddable":true,"href":"https:\/\/talents.kviff.com\/en\/wp-json\/wp\/v2\/media\/1286"}],"wp:attachment":[{"href":"https:\/\/talents.kviff.com\/en\/wp-json\/wp\/v2\/media?parent=900"}],"wp:term":[{"taxonomy":"feature_nebo_creative_pool","embeddable":true,"href":"https:\/\/talents.kviff.com\/en\/wp-json\/wp\/v2\/feature_nebo_creative_pool?post=900"},{"taxonomy":"format_projektu","embeddable":true,"href":"https:\/\/talents.kviff.com\/en\/wp-json\/wp\/v2\/format_projektu?post=900"}],"curies":[{"name":"wp","href":"https:\/\/api.w.org\/{rel}","templated":true}]}}